{"id":1730,"date":"2020-06-27T17:31:41","date_gmt":"2020-06-27T17:31:41","guid":{"rendered":"http:\/\/www.tascatierrasdelsur.com\/?page_id=1730"},"modified":"2020-07-04T19:04:13","modified_gmt":"2020-07-04T19:04:13","slug":"home","status":"publish","type":"page","link":"https:\/\/www.tascatierrasdelsur.com\/de\/","title":{"rendered":"Home"},"content":{"rendered":"<div class=\"span3\">\n<div class=\"sc_infobox\">\n<p><img decoding=\"async\" src=\"http:\/\/tascatierrasdelsur.com\/wp-content\/uploads\/2014\/03\/icon-food.png\" alt=\"\"><\/p>\n<h3>Ausgezeichnetes Essen<\/h3>\n<p>In unserer Tasca werden f\u00fcr Sie exquisite Gerichte nach traditionellen Methoden zubereitet.<\/p>\n<p><a class=\"button\" href=\"http:\/\/tascatierrasdelsur.com\/de\/la-tasca\/unsere-speisekarte\/\">Lesen Sie weiter<\/a><\/p>\n<\/div>\n<hr class=\"line\"><\/div>\n<div class=\"span3\">\n<div class=\"sc_infobox\">\n<p><img decoding=\"async\" src=\"http:\/\/tascatierrasdelsur.com\/wp-content\/uploads\/2014\/03\/icon-wine.png\" alt=\"\"><\/p>\n<h3>Fantastische Weine<\/h3>\n<p>Probieren Sie unsere besten Weine mit Qualit\u00e4t Ursprungszeugnis.<\/p>\n<p><a class=\"button\" href=\"http:\/\/tascatierrasdelsur.com\/de\/la-tasca\/weine\/\">Lesen Sie weiter<\/a><\/p>\n<\/div>\n<hr class=\"line\"><\/div>\n<div class=\"span3\">\n<div class=\"sc_infobox\">\n<p><img decoding=\"async\" src=\"http:\/\/tascatierrasdelsur.com\/wp-content\/uploads\/2014\/03\/icon-staff.png\" alt=\"\"><\/p>\n<h3>Freundliches Personal<\/h3>\n<p>Lassen Sie sich von Astrid Oheim, unserer Chef, in einer gem\u00fctlichen und entspannten Umgebung verw\u00f6hnen.<\/p>\n<p><a class=\"button\" href=\"http:\/\/tascatierrasdelsur.com\/de\/uber-uns\/\">Lesen Sie weiter<\/a><\/p>\n<\/div>\n<hr class=\"line\"><\/div>\n<div class=\"span3 last\">\n<div class=\"sc_infobox\">\n<p><img decoding=\"async\" src=\"http:\/\/tascatierrasdelsur.com\/wp-content\/uploads\/2014\/03\/icon-location.png\" alt=\"\"><\/p>\n<h3>Sch\u00f6nes Ambiente<\/h3>\n<p>In unserer Tasca k\u00f6nnen Sie einen famili\u00e1ren Service umgeben von regelm\u00e4ssigen Kunstaustellungen geniessen.<\/p>\n<p><a class=\"button\" href=\"http:\/\/tascatierrasdelsur.com\/de\/la-tasca\/\">Lesen Sie weiter<\/a><\/p>\n<\/div>\n<hr class=\"line\"><\/div>\n<div class=\"clearfix\"><\/div>\n<hr>\n<div class=\"gap\" style=\"height: 30px;\"><\/div>\n<div class=\"sc_blog\">\n<div class=\"center span4\">\n<p><img loading=\"lazy\" decoding=\"async\" width=\"356\" height=\"238\" src=\"https:\/\/www.tascatierrasdelsur.com\/wp-content\/uploads\/2019\/11\/FONDO-356x238.jpg\" class=\"attachment-blog-3 size-blog-3 wp-post-image\" alt=\"\" srcset=\"https:\/\/www.tascatierrasdelsur.com\/wp-content\/uploads\/2019\/11\/FONDO-356x238.jpg 356w, https:\/\/www.tascatierrasdelsur.com\/wp-content\/uploads\/2019\/11\/FONDO-255x170.jpg 255w, https:\/\/www.tascatierrasdelsur.com\/wp-content\/uploads\/2019\/11\/FONDO-370x247.jpg 370w, https:\/\/www.tascatierrasdelsur.com\/wp-content\/uploads\/2019\/11\/FONDO-270x180.jpg 270w\" sizes=\"(max-width: 356px) 100vw, 356px\" \/><\/p>\n<h3><a href=\"https:\/\/www.tascatierrasdelsur.com\/de\/menus-fur-heiligabend-und-silvester\/\">Men\u00fcs f\u00fcr Heiligabend und Silvester<\/a><\/h3>\n<footer class=\"meta\"><time datetime=\"2026-04-28T16:12:33+00:00\">12 \/ 12 \/ 2021<\/time> &#8211; <a href=\"https:\/\/www.tascatierrasdelsur.com\/de\/menus-fur-heiligabend-und-silvester\/#respond\">Keine Kommentare<\/a><\/footer>\n<p>Geniessen Sie unsere speziellen Men\u00fcs f\u00fcr Heiligabend und Silvester in gem\u00fctlicher und entspannter Atmosph\u00e4re. Nur mit Reservierung<\/p>\n<p><a href=\"https:\/\/www.tascatierrasdelsur.com\/de\/menus-fur-heiligabend-und-silvester\/\" class=\"button\">Weiterlesen<\/a><\/div>\n<hr class=\"line\">\n<div class=\"center span4\">\n<p><img loading=\"lazy\" decoding=\"async\" width=\"356\" height=\"238\" src=\"https:\/\/www.tascatierrasdelsur.com\/wp-content\/uploads\/2014\/10\/cuadro-6_1024x743-356x238.jpg\" class=\"attachment-blog-3 size-blog-3 wp-post-image\" alt=\"\" srcset=\"https:\/\/www.tascatierrasdelsur.com\/wp-content\/uploads\/2014\/10\/cuadro-6_1024x743-356x238.jpg 356w, https:\/\/www.tascatierrasdelsur.com\/wp-content\/uploads\/2014\/10\/cuadro-6_1024x743-255x170.jpg 255w, https:\/\/www.tascatierrasdelsur.com\/wp-content\/uploads\/2014\/10\/cuadro-6_1024x743-370x247.jpg 370w, https:\/\/www.tascatierrasdelsur.com\/wp-content\/uploads\/2014\/10\/cuadro-6_1024x743-270x180.jpg 270w\" sizes=\"(max-width: 356px) 100vw, 356px\" \/><\/p>\n<h3><a href=\"https:\/\/www.tascatierrasdelsur.com\/de\/ausstellung-abstrakte-malerei\/\">Ausstellung Abstrakte Malerei<\/a><\/h3>\n<footer class=\"meta\"><time datetime=\"2026-04-28T16:12:33+00:00\">23 \/ 10 \/ 2014<\/time> &#8211; <a href=\"https:\/\/www.tascatierrasdelsur.com\/de\/ausstellung-abstrakte-malerei\/#respond\">Keine Kommentare<\/a><\/footer>\n<p>Genie\u00dfen Sie eine neue Ausstellung in Tasca Tierras del Sur von Hand des lokalen K\u00fcnstlers Miguel Angel Gonz\u00e1lez Marrero. In dieser Ausstellung dominiert die Abstraktion, wo die Farbe in seinen<\/p>\n<p><a href=\"https:\/\/www.tascatierrasdelsur.com\/de\/ausstellung-abstrakte-malerei\/\" class=\"button\">Weiterlesen<\/a><\/div>\n<hr class=\"line\">\n<div class=\"center span4 last\">\n<p><img loading=\"lazy\" decoding=\"async\" width=\"356\" height=\"238\" src=\"https:\/\/www.tascatierrasdelsur.com\/wp-content\/uploads\/2014\/03\/tierra-de-perros-356x238.jpg\" class=\"attachment-blog-3 size-blog-3 wp-post-image\" alt=\"\" srcset=\"https:\/\/www.tascatierrasdelsur.com\/wp-content\/uploads\/2014\/03\/tierra-de-perros-356x238.jpg 356w, https:\/\/www.tascatierrasdelsur.com\/wp-content\/uploads\/2014\/03\/tierra-de-perros-255x170.jpg 255w, https:\/\/www.tascatierrasdelsur.com\/wp-content\/uploads\/2014\/03\/tierra-de-perros-370x247.jpg 370w, https:\/\/www.tascatierrasdelsur.com\/wp-content\/uploads\/2014\/03\/tierra-de-perros-270x180.jpg 270w\" sizes=\"(max-width: 356px) 100vw, 356px\" \/><\/p>\n<h3><a href=\"https:\/\/www.tascatierrasdelsur.com\/de\/geniesen-sie-ein-bier-100-artesenal\/\">Genie\u00dfen Sie ein Bier  100% artesenal<\/a><\/h3>\n<footer class=\"meta\"><time datetime=\"2026-04-28T16:12:33+00:00\">02 \/ 03 \/ 2014<\/time> &#8211; <a href=\"https:\/\/www.tascatierrasdelsur.com\/de\/geniesen-sie-ein-bier-100-artesenal\/#respond\">Keine Kommentare<\/a><\/footer>\n<p>Genie\u00dfen Sie ein Bier \u00a0100% artesenal und kanarisch, mit Wasser aus Los Realejos (Teneriffa) hergestellt. Ein sauberes, leicht r\u00f6tliches Bier mit einem intensiven Aroma von Malz, Karamell, Schokolade und Gew\u00fcrzen<\/p>\n<p><a href=\"https:\/\/www.tascatierrasdelsur.com\/de\/geniesen-sie-ein-bier-100-artesenal\/\" class=\"button\">Weiterlesen<\/a><\/div>\n<\/div>\n","protected":false},"excerpt":{"rendered":"<p>Ausgezeichnetes Essen In unserer Tasca werden f\u00fcr Sie exquisite Gerichte nach traditionellen Methoden zubereitet. Lesen Sie weiter Fantastische Weine Probieren Sie unsere besten Weine mit Qualit\u00e4t Ursprungszeugnis. Lesen Sie weiter Freundliches Personal Lassen Sie sich von Astrid Oheim, unserer Chef, in einer gem\u00fctlichen und entspannten Umgebung verw\u00f6hnen. Lesen Sie weiter Sch\u00f6nes Ambiente In unserer Tasca k\u00f6nnen Sie einen famili\u00e1ren Service umgeben von regelm\u00e4ssigen Kunstaustellungen geniessen. Lesen Sie weiter Men\u00fcs f\u00fcr Heiligabend und Silvester 12 \/ 12 \/ 2021 &#8211; Keine Kommentare Geniessen Sie unsere speziellen Men\u00fcs f\u00fcr Heiligabend und Silvester in gem\u00fctlicher und entspannter Atmosph\u00e4re. Nur mit Reservierung Weiterlesen Ausstellung Abstrakte Malerei 23 \/ 10 \/ 2014 &#8211; Keine Kommentare Genie\u00dfen Sie eine neue Ausstellung in Tasca Tierras del Sur von Hand des lokalen K\u00fcnstlers Miguel Angel Gonz\u00e1lez Marrero. In dieser Ausstellung dominiert die Abstraktion, wo die Farbe in seinen Weiterlesen Genie\u00dfen Sie ein Bier 100% artesenal 02 \/ 03 \/ 2014 &#8211; Keine Kommentare Genie\u00dfen Sie ein Bier \u00a0100% artesenal und kanarisch, mit Wasser aus Los Realejos (Teneriffa) hergestellt. Ein sauberes, leicht r\u00f6tliches Bier mit einem intensiven Aroma von Malz, Karamell, Schokolade und Gew\u00fcrzen Weiterlesen<\/p>\n","protected":false},"author":1,"featured_media":0,"parent":0,"menu_order":0,"comment_status":"closed","ping_status":"closed","template":"","meta":{"footnotes":""},"yoast_head":"<!-- This site is optimized with the Yoast SEO plugin v23.5 - https:\/\/yoast.com\/wordpress\/plugins\/seo\/ -->\n<title>Tasca Tierras del Sur<\/title>\n<meta name=\"robots\" content=\"index, follow, max-snippet:-1, max-image-preview:large, max-video-preview:-1\" \/>\n<link rel=\"canonical\" href=\"https:\/\/www.tascatierrasdelsur.com\/de\/\" \/>\n<meta property=\"og:locale\" content=\"de_DE\" \/>\n<meta property=\"og:type\" content=\"article\" \/>\n<meta property=\"og:title\" content=\"Tasca Tierras del Sur\" \/>\n<meta property=\"og:description\" content=\"Ausgezeichnetes Essen In unserer Tasca werden f\u00fcr Sie exquisite Gerichte nach traditionellen Methoden zubereitet. Lesen Sie weiter Fantastische Weine Probieren Sie unsere besten Weine mit Qualit\u00e4t Ursprungszeugnis. Lesen Sie weiter Freundliches Personal Lassen Sie sich von Astrid Oheim, unserer Chef, in einer gem\u00fctlichen und entspannten Umgebung verw\u00f6hnen. Lesen Sie weiter Sch\u00f6nes Ambiente In unserer Tasca k\u00f6nnen Sie einen famili\u00e1ren Service umgeben von regelm\u00e4ssigen Kunstaustellungen geniessen. Lesen Sie weiter Men\u00fcs f\u00fcr Heiligabend und Silvester 12 \/ 12 \/ 2021 &#8211; Keine Kommentare Geniessen Sie unsere speziellen Men\u00fcs f\u00fcr Heiligabend und Silvester in gem\u00fctlicher und entspannter Atmosph\u00e4re. Nur mit Reservierung Weiterlesen Ausstellung Abstrakte Malerei 23 \/ 10 \/ 2014 &#8211; Keine Kommentare Genie\u00dfen Sie eine neue Ausstellung in Tasca Tierras del Sur von Hand des lokalen K\u00fcnstlers Miguel Angel Gonz\u00e1lez Marrero. In dieser Ausstellung dominiert die Abstraktion, wo die Farbe in seinen Weiterlesen Genie\u00dfen Sie ein Bier 100% artesenal 02 \/ 03 \/ 2014 &#8211; Keine Kommentare Genie\u00dfen Sie ein Bier \u00a0100% artesenal und kanarisch, mit Wasser aus Los Realejos (Teneriffa) hergestellt. Ein sauberes, leicht r\u00f6tliches Bier mit einem intensiven Aroma von Malz, Karamell, Schokolade und Gew\u00fcrzen Weiterlesen\" \/>\n<meta property=\"og:url\" content=\"https:\/\/www.tascatierrasdelsur.com\/de\/\" \/>\n<meta property=\"og:site_name\" content=\"Tasca Tierras del Sur\" \/>\n<meta property=\"article:publisher\" content=\"https:\/\/www.facebook.com\/tascatierrasdelsur\" \/>\n<meta property=\"article:modified_time\" content=\"2020-07-04T19:04:13+00:00\" \/>\n<meta name=\"twitter:card\" content=\"summary_large_image\" \/>\n<meta name=\"twitter:label1\" content=\"Est. reading time\" \/>\n\t<meta name=\"twitter:data1\" content=\"1 minute\" \/>\n<script type=\"application\/ld+json\" class=\"yoast-schema-graph\">{\"@context\":\"https:\/\/schema.org\",\"@graph\":[{\"@type\":\"WebPage\",\"@id\":\"https:\/\/www.tascatierrasdelsur.com\/de\/\",\"url\":\"https:\/\/www.tascatierrasdelsur.com\/de\/\",\"name\":\"Tasca Tierras del Sur\",\"isPartOf\":{\"@id\":\"https:\/\/www.tascatierrasdelsur.com\/de\/#website\"},\"datePublished\":\"2020-06-27T17:31:41+00:00\",\"dateModified\":\"2020-07-04T19:04:13+00:00\",\"breadcrumb\":{\"@id\":\"https:\/\/www.tascatierrasdelsur.com\/de\/#breadcrumb\"},\"inLanguage\":\"de-DE\",\"potentialAction\":[{\"@type\":\"ReadAction\",\"target\":[\"https:\/\/www.tascatierrasdelsur.com\/de\/\"]}]},{\"@type\":\"BreadcrumbList\",\"@id\":\"https:\/\/www.tascatierrasdelsur.com\/de\/#breadcrumb\",\"itemListElement\":[{\"@type\":\"ListItem\",\"position\":1,\"name\":\"Portada\",\"item\":\"https:\/\/www.tascatierrasdelsur.com\/de\/\"},{\"@type\":\"ListItem\",\"position\":2,\"name\":\"Home\"}]},{\"@type\":\"WebSite\",\"@id\":\"https:\/\/www.tascatierrasdelsur.com\/de\/#website\",\"url\":\"https:\/\/www.tascatierrasdelsur.com\/de\/\",\"name\":\"Tasca Tierras del Sur\",\"description\":\"Granadilla\",\"publisher\":{\"@id\":\"https:\/\/www.tascatierrasdelsur.com\/de\/#organization\"},\"potentialAction\":[{\"@type\":\"SearchAction\",\"target\":{\"@type\":\"EntryPoint\",\"urlTemplate\":\"https:\/\/www.tascatierrasdelsur.com\/de\/?s={search_term_string}\"},\"query-input\":{\"@type\":\"PropertyValueSpecification\",\"valueRequired\":true,\"valueName\":\"search_term_string\"}}],\"inLanguage\":\"de-DE\"},{\"@type\":\"Organization\",\"@id\":\"https:\/\/www.tascatierrasdelsur.com\/de\/#organization\",\"name\":\"Tasca Tierras Del Sur\",\"url\":\"https:\/\/www.tascatierrasdelsur.com\/de\/\",\"logo\":{\"@type\":\"ImageObject\",\"inLanguage\":\"de-DE\",\"@id\":\"https:\/\/www.tascatierrasdelsur.com\/de\/#\/schema\/logo\/image\/\",\"url\":\"https:\/\/www.tascatierrasdelsur.com\/wp-content\/uploads\/2020\/06\/logo-new4.png\",\"contentUrl\":\"https:\/\/www.tascatierrasdelsur.com\/wp-content\/uploads\/2020\/06\/logo-new4.png\",\"width\":240,\"height\":107,\"caption\":\"Tasca Tierras Del Sur\"},\"image\":{\"@id\":\"https:\/\/www.tascatierrasdelsur.com\/de\/#\/schema\/logo\/image\/\"},\"sameAs\":[\"https:\/\/www.facebook.com\/tascatierrasdelsur\"]}]}<\/script>\n<!-- \/ Yoast SEO plugin. -->","yoast_head_json":{"title":"Tasca Tierras del Sur","robots":{"index":"index","follow":"follow","max-snippet":"max-snippet:-1","max-image-preview":"max-image-preview:large","max-video-preview":"max-video-preview:-1"},"canonical":"https:\/\/www.tascatierrasdelsur.com\/de\/","og_locale":"de_DE","og_type":"article","og_title":"Tasca Tierras del Sur","og_description":"Ausgezeichnetes Essen In unserer Tasca werden f\u00fcr Sie exquisite Gerichte nach traditionellen Methoden zubereitet. Lesen Sie weiter Fantastische Weine Probieren Sie unsere besten Weine mit Qualit\u00e4t Ursprungszeugnis. Lesen Sie weiter Freundliches Personal Lassen Sie sich von Astrid Oheim, unserer Chef, in einer gem\u00fctlichen und entspannten Umgebung verw\u00f6hnen. Lesen Sie weiter Sch\u00f6nes Ambiente In unserer Tasca k\u00f6nnen Sie einen famili\u00e1ren Service umgeben von regelm\u00e4ssigen Kunstaustellungen geniessen. Lesen Sie weiter Men\u00fcs f\u00fcr Heiligabend und Silvester 12 \/ 12 \/ 2021 &#8211; Keine Kommentare Geniessen Sie unsere speziellen Men\u00fcs f\u00fcr Heiligabend und Silvester in gem\u00fctlicher und entspannter Atmosph\u00e4re. Nur mit Reservierung Weiterlesen Ausstellung Abstrakte Malerei 23 \/ 10 \/ 2014 &#8211; Keine Kommentare Genie\u00dfen Sie eine neue Ausstellung in Tasca Tierras del Sur von Hand des lokalen K\u00fcnstlers Miguel Angel Gonz\u00e1lez Marrero. In dieser Ausstellung dominiert die Abstraktion, wo die Farbe in seinen Weiterlesen Genie\u00dfen Sie ein Bier 100% artesenal 02 \/ 03 \/ 2014 &#8211; Keine Kommentare Genie\u00dfen Sie ein Bier \u00a0100% artesenal und kanarisch, mit Wasser aus Los Realejos (Teneriffa) hergestellt. Ein sauberes, leicht r\u00f6tliches Bier mit einem intensiven Aroma von Malz, Karamell, Schokolade und Gew\u00fcrzen Weiterlesen","og_url":"https:\/\/www.tascatierrasdelsur.com\/de\/","og_site_name":"Tasca Tierras del Sur","article_publisher":"https:\/\/www.facebook.com\/tascatierrasdelsur","article_modified_time":"2020-07-04T19:04:13+00:00","twitter_card":"summary_large_image","twitter_misc":{"Est. reading time":"1 minute"},"schema":{"@context":"https:\/\/schema.org","@graph":[{"@type":"WebPage","@id":"https:\/\/www.tascatierrasdelsur.com\/de\/","url":"https:\/\/www.tascatierrasdelsur.com\/de\/","name":"Tasca Tierras del Sur","isPartOf":{"@id":"https:\/\/www.tascatierrasdelsur.com\/de\/#website"},"datePublished":"2020-06-27T17:31:41+00:00","dateModified":"2020-07-04T19:04:13+00:00","breadcrumb":{"@id":"https:\/\/www.tascatierrasdelsur.com\/de\/#breadcrumb"},"inLanguage":"de-DE","potentialAction":[{"@type":"ReadAction","target":["https:\/\/www.tascatierrasdelsur.com\/de\/"]}]},{"@type":"BreadcrumbList","@id":"https:\/\/www.tascatierrasdelsur.com\/de\/#breadcrumb","itemListElement":[{"@type":"ListItem","position":1,"name":"Portada","item":"https:\/\/www.tascatierrasdelsur.com\/de\/"},{"@type":"ListItem","position":2,"name":"Home"}]},{"@type":"WebSite","@id":"https:\/\/www.tascatierrasdelsur.com\/de\/#website","url":"https:\/\/www.tascatierrasdelsur.com\/de\/","name":"Tasca Tierras del Sur","description":"Granadilla","publisher":{"@id":"https:\/\/www.tascatierrasdelsur.com\/de\/#organization"},"potentialAction":[{"@type":"SearchAction","target":{"@type":"EntryPoint","urlTemplate":"https:\/\/www.tascatierrasdelsur.com\/de\/?s={search_term_string}"},"query-input":{"@type":"PropertyValueSpecification","valueRequired":true,"valueName":"search_term_string"}}],"inLanguage":"de-DE"},{"@type":"Organization","@id":"https:\/\/www.tascatierrasdelsur.com\/de\/#organization","name":"Tasca Tierras Del Sur","url":"https:\/\/www.tascatierrasdelsur.com\/de\/","logo":{"@type":"ImageObject","inLanguage":"de-DE","@id":"https:\/\/www.tascatierrasdelsur.com\/de\/#\/schema\/logo\/image\/","url":"https:\/\/www.tascatierrasdelsur.com\/wp-content\/uploads\/2020\/06\/logo-new4.png","contentUrl":"https:\/\/www.tascatierrasdelsur.com\/wp-content\/uploads\/2020\/06\/logo-new4.png","width":240,"height":107,"caption":"Tasca Tierras Del Sur"},"image":{"@id":"https:\/\/www.tascatierrasdelsur.com\/de\/#\/schema\/logo\/image\/"},"sameAs":["https:\/\/www.facebook.com\/tascatierrasdelsur"]}]}},"_links":{"self":[{"href":"https:\/\/www.tascatierrasdelsur.com\/de\/wp-json\/wp\/v2\/pages\/1730"}],"collection":[{"href":"https:\/\/www.tascatierrasdelsur.com\/de\/wp-json\/wp\/v2\/pages"}],"about":[{"href":"https:\/\/www.tascatierrasdelsur.com\/de\/wp-json\/wp\/v2\/types\/page"}],"author":[{"embeddable":true,"href":"https:\/\/www.tascatierrasdelsur.com\/de\/wp-json\/wp\/v2\/users\/1"}],"replies":[{"embeddable":true,"href":"https:\/\/www.tascatierrasdelsur.com\/de\/wp-json\/wp\/v2\/comments?post=1730"}],"version-history":[{"count":1,"href":"https:\/\/www.tascatierrasdelsur.com\/de\/wp-json\/wp\/v2\/pages\/1730\/revisions"}],"predecessor-version":[{"id":1743,"href":"https:\/\/www.tascatierrasdelsur.com\/de\/wp-json\/wp\/v2\/pages\/1730\/revisions\/1743"}],"wp:attachment":[{"href":"https:\/\/www.tascatierrasdelsur.com\/de\/wp-json\/wp\/v2\/media?parent=1730"}],"curies":[{"name":"wp","href":"https:\/\/api.w.org\/{rel}","templated":true}]}}