{"id":15781,"date":"2020-06-28T00:00:01","date_gmt":"2020-06-28T00:00:01","guid":{"rendered":"http:\/\/www.tascatierrasdelsur.com\/nuestro-entorno\/"},"modified":"2020-06-28T00:10:47","modified_gmt":"2020-06-28T00:10:47","slug":"unsere-umgebung","status":"publish","type":"page","link":"https:\/\/www.tascatierrasdelsur.com\/de\/unsere-umgebung\/","title":{"rendered":"Unsere Umgebung"},"content":{"rendered":"<h3>Teneriffa<\/h3>\n<p>Teneriffa , die gr\u00f6sste der kanarischen Inseln , mit dem zweiten meistbesuchten Nationalpark , und dem drittgr\u00f6\u00dften Vulkan der Erde , l\u00e4dt Sie ein, seine Landschaft , Sternenhimmel , gr\u00fcnen Schluchten , zahlreiche Str\u00e4nde und Wanderwege, Folklore und Traditionen und nicht zuletzt seine reiche Gastronomie zu geniessen .<\/p>\n<p>Granadilla im S\u00fcden Teneriffas , fr\u00fcher Ort des \u201ctrueques\u201d ( Tauschhandel von Waren zwischen den Bewohnern der K\u00fcste und der Berge ) war die alte Hauptstadt des S\u00fcdens der Insel. Nur 8 Km von der Autobahn TF1 (Ausfahrt Granadilla de Abona ) und 13 km von Vilaflor mit Zugang zum Teide \u2013Nationalpark entfernt, finden Sie in Granadilla de Abona noch Traditionen und kulturelle Werte, sowie ein ausgedehntes Netz von Wanderwegen , unter anderen &#8221; Die Mondlandschaft &#8221; .<\/p>\n<p>Der Reisende kann f\u00fcr seinen Aufenthalt gem\u00fctliche Landh\u00e4user und Landhotels f\u00fcr seine Unterkunft mieten und sich im l\u00e4ndlichen Flair erholen, hier seien nur einige genannt:<br \/>\nHaus Anton Piche , Hotel Rural Senderos de Abona , Casa Rural El Patio del Naranjo , El Traspatio oder die<br \/>\nBioklimatischen H\u00e4user ITER .<br \/>\nF\u00fcr Liebhaber der Berge und des Outdoor-Sports befindet sich in Granadilla de Abona \u201cTenerife Outdoor\u201d, wo Sie alles f\u00fcrs Klettern, Wandern und Moutainbiken finden.<\/p>\n\n\t\t<style type=\"text\/css\">\n\t\t\t#gallery-1 {\n\t\t\t\tmargin: auto;\n\t\t\t}\n\t\t\t#gallery-1 .gallery-item {\n\t\t\t\tfloat: left;\n\t\t\t\tmargin-top: 10px;\n\t\t\t\ttext-align: center;\n\t\t\t\twidth: 33%;\n\t\t\t}\n\t\t\t#gallery-1 img {\n\t\t\t\tborder: 2px solid #cfcfcf;\n\t\t\t}\n\t\t\t#gallery-1 .gallery-caption {\n\t\t\t\tmargin-left: 0;\n\t\t\t}\n\t\t\t\/* see gallery_shortcode() in wp-includes\/media.php *\/\n\t\t<\/style>\n\t\t<div data-carousel-extra='{\"blog_id\":1,\"permalink\":\"https:\\\/\\\/www.tascatierrasdelsur.com\\\/de\\\/unsere-umgebung\\\/\"}' id='gallery-1' class='gallery galleryid-15781 gallery-columns-3 gallery-size-large'><dl class='gallery-item'>\n\t\t\t<dt class='gallery-icon landscape'>\n\t\t\t\t<a href='https:\/\/www.tascatierrasdelsur.com\/de\/unsere-umgebung\/vendimia-18-370x247-2\/'><img loading=\"lazy\" decoding=\"async\" data-attachment-id=\"15502\" data-orig-file=\"https:\/\/www.tascatierrasdelsur.com\/wp-content\/uploads\/2020\/06\/Vendimia-18-370x247-1.jpg\" data-orig-size=\"370,247\" data-comments-opened=\"1\" data-image-meta=\"{&quot;aperture&quot;:&quot;0&quot;,&quot;credit&quot;:&quot;&quot;,&quot;camera&quot;:&quot;&quot;,&quot;caption&quot;:&quot;&quot;,&quot;created_timestamp&quot;:&quot;0&quot;,&quot;copyright&quot;:&quot;&quot;,&quot;focal_length&quot;:&quot;0&quot;,&quot;iso&quot;:&quot;0&quot;,&quot;shutter_speed&quot;:&quot;0&quot;,&quot;title&quot;:&quot;&quot;,&quot;orientation&quot;:&quot;0&quot;,&quot;keywords&quot;:&quot;Array&quot;}\" data-image-title=\"Vendimia-18-370&#215;247\" data-image-description=\"\" data-medium-file=\"https:\/\/www.tascatierrasdelsur.com\/wp-content\/uploads\/2020\/06\/Vendimia-18-370x247-1-300x200.jpg\" data-large-file=\"https:\/\/www.tascatierrasdelsur.com\/wp-content\/uploads\/2020\/06\/Vendimia-18-370x247-1.jpg\" width=\"370\" height=\"247\" src=\"https:\/\/www.tascatierrasdelsur.com\/wp-content\/uploads\/2020\/06\/Vendimia-18-370x247-1.jpg\" class=\"attachment-large size-large\" alt=\"\" srcset=\"https:\/\/www.tascatierrasdelsur.com\/wp-content\/uploads\/2020\/06\/Vendimia-18-370x247-1.jpg 370w, https:\/\/www.tascatierrasdelsur.com\/wp-content\/uploads\/2020\/06\/Vendimia-18-370x247-1-300x200.jpg 300w, https:\/\/www.tascatierrasdelsur.com\/wp-content\/uploads\/2020\/06\/Vendimia-18-370x247-1-356x238.jpg 356w, https:\/\/www.tascatierrasdelsur.com\/wp-content\/uploads\/2020\/06\/Vendimia-18-370x247-1-255x170.jpg 255w, https:\/\/www.tascatierrasdelsur.com\/wp-content\/uploads\/2020\/06\/Vendimia-18-370x247-1-270x180.jpg 270w\" sizes=\"(max-width: 370px) 100vw, 370px\" \/><\/a>\n\t\t\t<\/dt><\/dl><dl class='gallery-item'>\n\t\t\t<dt class='gallery-icon landscape'>\n\t\t\t\t<a href='https:\/\/www.tascatierrasdelsur.com\/de\/unsere-umgebung\/torre-de-la-iglesia-8-370x247-2\/'><img loading=\"lazy\" decoding=\"async\" data-attachment-id=\"15516\" data-orig-file=\"https:\/\/www.tascatierrasdelsur.com\/wp-content\/uploads\/2020\/06\/Torre-de-la-Iglesia-8-370x247-1.jpg\" data-orig-size=\"370,247\" data-comments-opened=\"1\" data-image-meta=\"{&quot;aperture&quot;:&quot;0&quot;,&quot;credit&quot;:&quot;&quot;,&quot;camera&quot;:&quot;&quot;,&quot;caption&quot;:&quot;&quot;,&quot;created_timestamp&quot;:&quot;0&quot;,&quot;copyright&quot;:&quot;&quot;,&quot;focal_length&quot;:&quot;0&quot;,&quot;iso&quot;:&quot;0&quot;,&quot;shutter_speed&quot;:&quot;0&quot;,&quot;title&quot;:&quot;&quot;,&quot;orientation&quot;:&quot;0&quot;,&quot;keywords&quot;:&quot;Array&quot;}\" data-image-title=\"Torre-de-la-Iglesia-8-370&#215;247\" data-image-description=\"\" data-medium-file=\"https:\/\/www.tascatierrasdelsur.com\/wp-content\/uploads\/2020\/06\/Torre-de-la-Iglesia-8-370x247-1-300x200.jpg\" data-large-file=\"https:\/\/www.tascatierrasdelsur.com\/wp-content\/uploads\/2020\/06\/Torre-de-la-Iglesia-8-370x247-1.jpg\" width=\"370\" height=\"247\" src=\"https:\/\/www.tascatierrasdelsur.com\/wp-content\/uploads\/2020\/06\/Torre-de-la-Iglesia-8-370x247-1.jpg\" class=\"attachment-large size-large\" alt=\"\" srcset=\"https:\/\/www.tascatierrasdelsur.com\/wp-content\/uploads\/2020\/06\/Torre-de-la-Iglesia-8-370x247-1.jpg 370w, https:\/\/www.tascatierrasdelsur.com\/wp-content\/uploads\/2020\/06\/Torre-de-la-Iglesia-8-370x247-1-300x200.jpg 300w, https:\/\/www.tascatierrasdelsur.com\/wp-content\/uploads\/2020\/06\/Torre-de-la-Iglesia-8-370x247-1-356x238.jpg 356w, https:\/\/www.tascatierrasdelsur.com\/wp-content\/uploads\/2020\/06\/Torre-de-la-Iglesia-8-370x247-1-255x170.jpg 255w, https:\/\/www.tascatierrasdelsur.com\/wp-content\/uploads\/2020\/06\/Torre-de-la-Iglesia-8-370x247-1-270x180.jpg 270w\" sizes=\"(max-width: 370px) 100vw, 370px\" \/><\/a>\n\t\t\t<\/dt><\/dl><dl class='gallery-item'>\n\t\t\t<dt class='gallery-icon landscape'>\n\t\t\t\t<a href='https:\/\/www.tascatierrasdelsur.com\/de\/unsere-umgebung\/vegetacion-13-370x247-2\/'><img loading=\"lazy\" decoding=\"async\" data-attachment-id=\"15509\" data-orig-file=\"https:\/\/www.tascatierrasdelsur.com\/wp-content\/uploads\/2020\/06\/Vegetacion-13-370x247-1.jpg\" data-orig-size=\"370,247\" data-comments-opened=\"1\" data-image-meta=\"{&quot;aperture&quot;:&quot;0&quot;,&quot;credit&quot;:&quot;&quot;,&quot;camera&quot;:&quot;&quot;,&quot;caption&quot;:&quot;&quot;,&quot;created_timestamp&quot;:&quot;0&quot;,&quot;copyright&quot;:&quot;&quot;,&quot;focal_length&quot;:&quot;0&quot;,&quot;iso&quot;:&quot;0&quot;,&quot;shutter_speed&quot;:&quot;0&quot;,&quot;title&quot;:&quot;&quot;,&quot;orientation&quot;:&quot;0&quot;,&quot;keywords&quot;:&quot;Array&quot;}\" data-image-title=\"Vegetacion-13-370&#215;247\" data-image-description=\"\" data-medium-file=\"https:\/\/www.tascatierrasdelsur.com\/wp-content\/uploads\/2020\/06\/Vegetacion-13-370x247-1-300x200.jpg\" data-large-file=\"https:\/\/www.tascatierrasdelsur.com\/wp-content\/uploads\/2020\/06\/Vegetacion-13-370x247-1.jpg\" width=\"370\" height=\"247\" src=\"https:\/\/www.tascatierrasdelsur.com\/wp-content\/uploads\/2020\/06\/Vegetacion-13-370x247-1.jpg\" class=\"attachment-large size-large\" alt=\"\" srcset=\"https:\/\/www.tascatierrasdelsur.com\/wp-content\/uploads\/2020\/06\/Vegetacion-13-370x247-1.jpg 370w, https:\/\/www.tascatierrasdelsur.com\/wp-content\/uploads\/2020\/06\/Vegetacion-13-370x247-1-300x200.jpg 300w, https:\/\/www.tascatierrasdelsur.com\/wp-content\/uploads\/2020\/06\/Vegetacion-13-370x247-1-356x238.jpg 356w, https:\/\/www.tascatierrasdelsur.com\/wp-content\/uploads\/2020\/06\/Vegetacion-13-370x247-1-255x170.jpg 255w, https:\/\/www.tascatierrasdelsur.com\/wp-content\/uploads\/2020\/06\/Vegetacion-13-370x247-1-270x180.jpg 270w\" sizes=\"(max-width: 370px) 100vw, 370px\" \/><\/a>\n\t\t\t<\/dt><\/dl><br style=\"clear: both\" \/><dl class='gallery-item'>\n\t\t\t<dt class='gallery-icon landscape'>\n\t\t\t\t<a href='https:\/\/www.tascatierrasdelsur.com\/de\/unsere-umgebung\/tenerife-desde-el-cielo-1-370x247-2\/'><img loading=\"lazy\" decoding=\"async\" data-attachment-id=\"15530\" data-orig-file=\"https:\/\/www.tascatierrasdelsur.com\/wp-content\/uploads\/2020\/06\/Tenerife-desde-el-Cielo-1-370x247-1.jpg\" data-orig-size=\"370,247\" data-comments-opened=\"1\" data-image-meta=\"{&quot;aperture&quot;:&quot;0&quot;,&quot;credit&quot;:&quot;&quot;,&quot;camera&quot;:&quot;&quot;,&quot;caption&quot;:&quot;&quot;,&quot;created_timestamp&quot;:&quot;0&quot;,&quot;copyright&quot;:&quot;&quot;,&quot;focal_length&quot;:&quot;0&quot;,&quot;iso&quot;:&quot;0&quot;,&quot;shutter_speed&quot;:&quot;0&quot;,&quot;title&quot;:&quot;&quot;,&quot;orientation&quot;:&quot;0&quot;,&quot;keywords&quot;:&quot;Array&quot;}\" data-image-title=\"Tenerife-desde-el-Cielo-1-370&#215;247\" data-image-description=\"\" data-medium-file=\"https:\/\/www.tascatierrasdelsur.com\/wp-content\/uploads\/2020\/06\/Tenerife-desde-el-Cielo-1-370x247-1-300x200.jpg\" data-large-file=\"https:\/\/www.tascatierrasdelsur.com\/wp-content\/uploads\/2020\/06\/Tenerife-desde-el-Cielo-1-370x247-1.jpg\" width=\"370\" height=\"247\" src=\"https:\/\/www.tascatierrasdelsur.com\/wp-content\/uploads\/2020\/06\/Tenerife-desde-el-Cielo-1-370x247-1.jpg\" class=\"attachment-large size-large\" alt=\"\" srcset=\"https:\/\/www.tascatierrasdelsur.com\/wp-content\/uploads\/2020\/06\/Tenerife-desde-el-Cielo-1-370x247-1.jpg 370w, https:\/\/www.tascatierrasdelsur.com\/wp-content\/uploads\/2020\/06\/Tenerife-desde-el-Cielo-1-370x247-1-300x200.jpg 300w, https:\/\/www.tascatierrasdelsur.com\/wp-content\/uploads\/2020\/06\/Tenerife-desde-el-Cielo-1-370x247-1-356x238.jpg 356w, https:\/\/www.tascatierrasdelsur.com\/wp-content\/uploads\/2020\/06\/Tenerife-desde-el-Cielo-1-370x247-1-255x170.jpg 255w, https:\/\/www.tascatierrasdelsur.com\/wp-content\/uploads\/2020\/06\/Tenerife-desde-el-Cielo-1-370x247-1-270x180.jpg 270w\" sizes=\"(max-width: 370px) 100vw, 370px\" \/><\/a>\n\t\t\t<\/dt><\/dl><dl class='gallery-item'>\n\t\t\t<dt class='gallery-icon landscape'>\n\t\t\t\t<a href='https:\/\/www.tascatierrasdelsur.com\/de\/unsere-umgebung\/tenerife-desde-el-mar-2-370x247-2\/'><img loading=\"lazy\" decoding=\"async\" data-attachment-id=\"15523\" data-orig-file=\"https:\/\/www.tascatierrasdelsur.com\/wp-content\/uploads\/2020\/06\/Tenerife-desde-el-Mar-2-370x247-1.jpg\" data-orig-size=\"370,247\" data-comments-opened=\"1\" data-image-meta=\"{&quot;aperture&quot;:&quot;0&quot;,&quot;credit&quot;:&quot;&quot;,&quot;camera&quot;:&quot;&quot;,&quot;caption&quot;:&quot;&quot;,&quot;created_timestamp&quot;:&quot;0&quot;,&quot;copyright&quot;:&quot;&quot;,&quot;focal_length&quot;:&quot;0&quot;,&quot;iso&quot;:&quot;0&quot;,&quot;shutter_speed&quot;:&quot;0&quot;,&quot;title&quot;:&quot;&quot;,&quot;orientation&quot;:&quot;0&quot;,&quot;keywords&quot;:&quot;Array&quot;}\" data-image-title=\"Tenerife-desde-el-Mar-2-370&#215;247\" data-image-description=\"\" data-medium-file=\"https:\/\/www.tascatierrasdelsur.com\/wp-content\/uploads\/2020\/06\/Tenerife-desde-el-Mar-2-370x247-1-300x200.jpg\" data-large-file=\"https:\/\/www.tascatierrasdelsur.com\/wp-content\/uploads\/2020\/06\/Tenerife-desde-el-Mar-2-370x247-1.jpg\" width=\"370\" height=\"247\" src=\"https:\/\/www.tascatierrasdelsur.com\/wp-content\/uploads\/2020\/06\/Tenerife-desde-el-Mar-2-370x247-1.jpg\" class=\"attachment-large size-large\" alt=\"\" srcset=\"https:\/\/www.tascatierrasdelsur.com\/wp-content\/uploads\/2020\/06\/Tenerife-desde-el-Mar-2-370x247-1.jpg 370w, https:\/\/www.tascatierrasdelsur.com\/wp-content\/uploads\/2020\/06\/Tenerife-desde-el-Mar-2-370x247-1-300x200.jpg 300w, https:\/\/www.tascatierrasdelsur.com\/wp-content\/uploads\/2020\/06\/Tenerife-desde-el-Mar-2-370x247-1-356x238.jpg 356w, https:\/\/www.tascatierrasdelsur.com\/wp-content\/uploads\/2020\/06\/Tenerife-desde-el-Mar-2-370x247-1-255x170.jpg 255w, https:\/\/www.tascatierrasdelsur.com\/wp-content\/uploads\/2020\/06\/Tenerife-desde-el-Mar-2-370x247-1-270x180.jpg 270w\" sizes=\"(max-width: 370px) 100vw, 370px\" \/><\/a>\n\t\t\t<\/dt><\/dl><dl class='gallery-item'>\n\t\t\t<dt class='gallery-icon landscape'>\n\t\t\t\t<a href='https:\/\/www.tascatierrasdelsur.com\/de\/unsere-umgebung\/teide-16-370x247-2\/'><img loading=\"lazy\" decoding=\"async\" data-attachment-id=\"15537\" data-orig-file=\"https:\/\/www.tascatierrasdelsur.com\/wp-content\/uploads\/2020\/06\/Teide-16-370x247-1.jpg\" data-orig-size=\"370,247\" data-comments-opened=\"1\" data-image-meta=\"{&quot;aperture&quot;:&quot;0&quot;,&quot;credit&quot;:&quot;&quot;,&quot;camera&quot;:&quot;&quot;,&quot;caption&quot;:&quot;&quot;,&quot;created_timestamp&quot;:&quot;0&quot;,&quot;copyright&quot;:&quot;&quot;,&quot;focal_length&quot;:&quot;0&quot;,&quot;iso&quot;:&quot;0&quot;,&quot;shutter_speed&quot;:&quot;0&quot;,&quot;title&quot;:&quot;&quot;,&quot;orientation&quot;:&quot;0&quot;,&quot;keywords&quot;:&quot;Array&quot;}\" data-image-title=\"Teide-16-370&#215;247\" data-image-description=\"\" data-medium-file=\"https:\/\/www.tascatierrasdelsur.com\/wp-content\/uploads\/2020\/06\/Teide-16-370x247-1-300x200.jpg\" data-large-file=\"https:\/\/www.tascatierrasdelsur.com\/wp-content\/uploads\/2020\/06\/Teide-16-370x247-1.jpg\" width=\"370\" height=\"247\" src=\"https:\/\/www.tascatierrasdelsur.com\/wp-content\/uploads\/2020\/06\/Teide-16-370x247-1.jpg\" class=\"attachment-large size-large\" alt=\"\" srcset=\"https:\/\/www.tascatierrasdelsur.com\/wp-content\/uploads\/2020\/06\/Teide-16-370x247-1.jpg 370w, https:\/\/www.tascatierrasdelsur.com\/wp-content\/uploads\/2020\/06\/Teide-16-370x247-1-300x200.jpg 300w, https:\/\/www.tascatierrasdelsur.com\/wp-content\/uploads\/2020\/06\/Teide-16-370x247-1-356x238.jpg 356w, https:\/\/www.tascatierrasdelsur.com\/wp-content\/uploads\/2020\/06\/Teide-16-370x247-1-255x170.jpg 255w, https:\/\/www.tascatierrasdelsur.com\/wp-content\/uploads\/2020\/06\/Teide-16-370x247-1-270x180.jpg 270w\" sizes=\"(max-width: 370px) 100vw, 370px\" \/><\/a>\n\t\t\t<\/dt><\/dl><br style=\"clear: both\" \/><dl class='gallery-item'>\n\t\t\t<dt class='gallery-icon landscape'>\n\t\t\t\t<a href='https:\/\/www.tascatierrasdelsur.com\/de\/unsere-umgebung\/senalizacion-senderos-17-370x247-2\/'><img loading=\"lazy\" decoding=\"async\" data-attachment-id=\"15544\" data-orig-file=\"https:\/\/www.tascatierrasdelsur.com\/wp-content\/uploads\/2020\/06\/Se\u00f1alizacion-Senderos-17-370x247-1.jpg\" data-orig-size=\"370,247\" data-comments-opened=\"1\" data-image-meta=\"{&quot;aperture&quot;:&quot;0&quot;,&quot;credit&quot;:&quot;&quot;,&quot;camera&quot;:&quot;&quot;,&quot;caption&quot;:&quot;&quot;,&quot;created_timestamp&quot;:&quot;0&quot;,&quot;copyright&quot;:&quot;&quot;,&quot;focal_length&quot;:&quot;0&quot;,&quot;iso&quot;:&quot;0&quot;,&quot;shutter_speed&quot;:&quot;0&quot;,&quot;title&quot;:&quot;&quot;,&quot;orientation&quot;:&quot;0&quot;,&quot;keywords&quot;:&quot;Array&quot;}\" data-image-title=\"Se\u00f1alizacion-Senderos-17-370&#215;247\" data-image-description=\"\" data-medium-file=\"https:\/\/www.tascatierrasdelsur.com\/wp-content\/uploads\/2020\/06\/Se\u00f1alizacion-Senderos-17-370x247-1-300x200.jpg\" data-large-file=\"https:\/\/www.tascatierrasdelsur.com\/wp-content\/uploads\/2020\/06\/Se\u00f1alizacion-Senderos-17-370x247-1.jpg\" width=\"370\" height=\"247\" src=\"https:\/\/www.tascatierrasdelsur.com\/wp-content\/uploads\/2020\/06\/Se\u00f1alizacion-Senderos-17-370x247-1.jpg\" class=\"attachment-large size-large\" alt=\"\" srcset=\"https:\/\/www.tascatierrasdelsur.com\/wp-content\/uploads\/2020\/06\/Se\u00f1alizacion-Senderos-17-370x247-1.jpg 370w, https:\/\/www.tascatierrasdelsur.com\/wp-content\/uploads\/2020\/06\/Se\u00f1alizacion-Senderos-17-370x247-1-300x200.jpg 300w, https:\/\/www.tascatierrasdelsur.com\/wp-content\/uploads\/2020\/06\/Se\u00f1alizacion-Senderos-17-370x247-1-356x238.jpg 356w, https:\/\/www.tascatierrasdelsur.com\/wp-content\/uploads\/2020\/06\/Se\u00f1alizacion-Senderos-17-370x247-1-255x170.jpg 255w, https:\/\/www.tascatierrasdelsur.com\/wp-content\/uploads\/2020\/06\/Se\u00f1alizacion-Senderos-17-370x247-1-270x180.jpg 270w\" sizes=\"(max-width: 370px) 100vw, 370px\" \/><\/a>\n\t\t\t<\/dt><\/dl><dl class='gallery-item'>\n\t\t\t<dt class='gallery-icon landscape'>\n\t\t\t\t<a href='https:\/\/www.tascatierrasdelsur.com\/de\/unsere-umgebung\/romeria-de-granadilla-de-abona-10-370x247-2\/'><img loading=\"lazy\" decoding=\"async\" data-attachment-id=\"15551\" data-orig-file=\"https:\/\/www.tascatierrasdelsur.com\/wp-content\/uploads\/2020\/06\/Romeria-de-Granadilla-de-Abona-10-370x247-1.jpg\" data-orig-size=\"370,247\" data-comments-opened=\"1\" data-image-meta=\"{&quot;aperture&quot;:&quot;0&quot;,&quot;credit&quot;:&quot;&quot;,&quot;camera&quot;:&quot;&quot;,&quot;caption&quot;:&quot;&quot;,&quot;created_timestamp&quot;:&quot;0&quot;,&quot;copyright&quot;:&quot;&quot;,&quot;focal_length&quot;:&quot;0&quot;,&quot;iso&quot;:&quot;0&quot;,&quot;shutter_speed&quot;:&quot;0&quot;,&quot;title&quot;:&quot;&quot;,&quot;orientation&quot;:&quot;0&quot;,&quot;keywords&quot;:&quot;Array&quot;}\" data-image-title=\"Romeria-de-Granadilla-de-Abona-10-370&#215;247\" data-image-description=\"\" data-medium-file=\"https:\/\/www.tascatierrasdelsur.com\/wp-content\/uploads\/2020\/06\/Romeria-de-Granadilla-de-Abona-10-370x247-1-300x200.jpg\" data-large-file=\"https:\/\/www.tascatierrasdelsur.com\/wp-content\/uploads\/2020\/06\/Romeria-de-Granadilla-de-Abona-10-370x247-1.jpg\" width=\"370\" height=\"247\" src=\"https:\/\/www.tascatierrasdelsur.com\/wp-content\/uploads\/2020\/06\/Romeria-de-Granadilla-de-Abona-10-370x247-1.jpg\" class=\"attachment-large size-large\" alt=\"\" srcset=\"https:\/\/www.tascatierrasdelsur.com\/wp-content\/uploads\/2020\/06\/Romeria-de-Granadilla-de-Abona-10-370x247-1.jpg 370w, https:\/\/www.tascatierrasdelsur.com\/wp-content\/uploads\/2020\/06\/Romeria-de-Granadilla-de-Abona-10-370x247-1-300x200.jpg 300w, https:\/\/www.tascatierrasdelsur.com\/wp-content\/uploads\/2020\/06\/Romeria-de-Granadilla-de-Abona-10-370x247-1-356x238.jpg 356w, https:\/\/www.tascatierrasdelsur.com\/wp-content\/uploads\/2020\/06\/Romeria-de-Granadilla-de-Abona-10-370x247-1-255x170.jpg 255w, https:\/\/www.tascatierrasdelsur.com\/wp-content\/uploads\/2020\/06\/Romeria-de-Granadilla-de-Abona-10-370x247-1-270x180.jpg 270w\" sizes=\"(max-width: 370px) 100vw, 370px\" \/><\/a>\n\t\t\t<\/dt><\/dl><dl class='gallery-item'>\n\t\t\t<dt class='gallery-icon landscape'>\n\t\t\t\t<a href='https:\/\/www.tascatierrasdelsur.com\/de\/unsere-umgebung\/pueblos-en-el-interior-5-370x247-2\/'><img loading=\"lazy\" decoding=\"async\" data-attachment-id=\"15558\" data-orig-file=\"https:\/\/www.tascatierrasdelsur.com\/wp-content\/uploads\/2020\/06\/Pueblos-en-el-interior-5-370x247-1.jpg\" data-orig-size=\"370,247\" data-comments-opened=\"1\" data-image-meta=\"{&quot;aperture&quot;:&quot;0&quot;,&quot;credit&quot;:&quot;&quot;,&quot;camera&quot;:&quot;&quot;,&quot;caption&quot;:&quot;&quot;,&quot;created_timestamp&quot;:&quot;0&quot;,&quot;copyright&quot;:&quot;&quot;,&quot;focal_length&quot;:&quot;0&quot;,&quot;iso&quot;:&quot;0&quot;,&quot;shutter_speed&quot;:&quot;0&quot;,&quot;title&quot;:&quot;&quot;,&quot;orientation&quot;:&quot;0&quot;,&quot;keywords&quot;:&quot;Array&quot;}\" data-image-title=\"Pueblos-en-el-interior-5-370&#215;247\" data-image-description=\"\" data-medium-file=\"https:\/\/www.tascatierrasdelsur.com\/wp-content\/uploads\/2020\/06\/Pueblos-en-el-interior-5-370x247-1-300x200.jpg\" data-large-file=\"https:\/\/www.tascatierrasdelsur.com\/wp-content\/uploads\/2020\/06\/Pueblos-en-el-interior-5-370x247-1.jpg\" width=\"370\" height=\"247\" src=\"https:\/\/www.tascatierrasdelsur.com\/wp-content\/uploads\/2020\/06\/Pueblos-en-el-interior-5-370x247-1.jpg\" class=\"attachment-large size-large\" alt=\"\" srcset=\"https:\/\/www.tascatierrasdelsur.com\/wp-content\/uploads\/2020\/06\/Pueblos-en-el-interior-5-370x247-1.jpg 370w, https:\/\/www.tascatierrasdelsur.com\/wp-content\/uploads\/2020\/06\/Pueblos-en-el-interior-5-370x247-1-300x200.jpg 300w, https:\/\/www.tascatierrasdelsur.com\/wp-content\/uploads\/2020\/06\/Pueblos-en-el-interior-5-370x247-1-356x238.jpg 356w, https:\/\/www.tascatierrasdelsur.com\/wp-content\/uploads\/2020\/06\/Pueblos-en-el-interior-5-370x247-1-255x170.jpg 255w, https:\/\/www.tascatierrasdelsur.com\/wp-content\/uploads\/2020\/06\/Pueblos-en-el-interior-5-370x247-1-270x180.jpg 270w\" sizes=\"(max-width: 370px) 100vw, 370px\" \/><\/a>\n\t\t\t<\/dt><\/dl><br style=\"clear: both\" \/><dl class='gallery-item'>\n\t\t\t<dt class='gallery-icon landscape'>\n\t\t\t\t<a href='https:\/\/www.tascatierrasdelsur.com\/de\/unsere-umgebung\/montanas-12-370x247-2\/'><img loading=\"lazy\" decoding=\"async\" data-attachment-id=\"15565\" data-orig-file=\"https:\/\/www.tascatierrasdelsur.com\/wp-content\/uploads\/2020\/06\/Monta\u00f1as-12-370x247-1.jpg\" data-orig-size=\"370,247\" data-comments-opened=\"1\" data-image-meta=\"{&quot;aperture&quot;:&quot;0&quot;,&quot;credit&quot;:&quot;&quot;,&quot;camera&quot;:&quot;&quot;,&quot;caption&quot;:&quot;&quot;,&quot;created_timestamp&quot;:&quot;0&quot;,&quot;copyright&quot;:&quot;&quot;,&quot;focal_length&quot;:&quot;0&quot;,&quot;iso&quot;:&quot;0&quot;,&quot;shutter_speed&quot;:&quot;0&quot;,&quot;title&quot;:&quot;&quot;,&quot;orientation&quot;:&quot;0&quot;,&quot;keywords&quot;:&quot;Array&quot;}\" data-image-title=\"Monta\u00f1as-12-370&#215;247\" data-image-description=\"\" data-medium-file=\"https:\/\/www.tascatierrasdelsur.com\/wp-content\/uploads\/2020\/06\/Monta\u00f1as-12-370x247-1-300x200.jpg\" data-large-file=\"https:\/\/www.tascatierrasdelsur.com\/wp-content\/uploads\/2020\/06\/Monta\u00f1as-12-370x247-1.jpg\" width=\"370\" height=\"247\" src=\"https:\/\/www.tascatierrasdelsur.com\/wp-content\/uploads\/2020\/06\/Monta\u00f1as-12-370x247-1.jpg\" class=\"attachment-large size-large\" alt=\"\" srcset=\"https:\/\/www.tascatierrasdelsur.com\/wp-content\/uploads\/2020\/06\/Monta\u00f1as-12-370x247-1.jpg 370w, https:\/\/www.tascatierrasdelsur.com\/wp-content\/uploads\/2020\/06\/Monta\u00f1as-12-370x247-1-300x200.jpg 300w, https:\/\/www.tascatierrasdelsur.com\/wp-content\/uploads\/2020\/06\/Monta\u00f1as-12-370x247-1-356x238.jpg 356w, https:\/\/www.tascatierrasdelsur.com\/wp-content\/uploads\/2020\/06\/Monta\u00f1as-12-370x247-1-255x170.jpg 255w, https:\/\/www.tascatierrasdelsur.com\/wp-content\/uploads\/2020\/06\/Monta\u00f1as-12-370x247-1-270x180.jpg 270w\" sizes=\"(max-width: 370px) 100vw, 370px\" \/><\/a>\n\t\t\t<\/dt><\/dl><dl class='gallery-item'>\n\t\t\t<dt class='gallery-icon landscape'>\n\t\t\t\t<a href='https:\/\/www.tascatierrasdelsur.com\/de\/unsere-umgebung\/higos-picos-15-370x247-2\/'><img loading=\"lazy\" decoding=\"async\" data-attachment-id=\"15572\" data-orig-file=\"https:\/\/www.tascatierrasdelsur.com\/wp-content\/uploads\/2020\/06\/Higos-Picos-15-370x247-1.jpg\" data-orig-size=\"370,247\" data-comments-opened=\"1\" data-image-meta=\"{&quot;aperture&quot;:&quot;0&quot;,&quot;credit&quot;:&quot;&quot;,&quot;camera&quot;:&quot;&quot;,&quot;caption&quot;:&quot;&quot;,&quot;created_timestamp&quot;:&quot;0&quot;,&quot;copyright&quot;:&quot;&quot;,&quot;focal_length&quot;:&quot;0&quot;,&quot;iso&quot;:&quot;0&quot;,&quot;shutter_speed&quot;:&quot;0&quot;,&quot;title&quot;:&quot;&quot;,&quot;orientation&quot;:&quot;0&quot;,&quot;keywords&quot;:&quot;Array&quot;}\" data-image-title=\"Higos-Picos-15-370&#215;247\" data-image-description=\"\" data-medium-file=\"https:\/\/www.tascatierrasdelsur.com\/wp-content\/uploads\/2020\/06\/Higos-Picos-15-370x247-1-300x200.jpg\" data-large-file=\"https:\/\/www.tascatierrasdelsur.com\/wp-content\/uploads\/2020\/06\/Higos-Picos-15-370x247-1.jpg\" width=\"370\" height=\"247\" src=\"https:\/\/www.tascatierrasdelsur.com\/wp-content\/uploads\/2020\/06\/Higos-Picos-15-370x247-1.jpg\" class=\"attachment-large size-large\" alt=\"\" srcset=\"https:\/\/www.tascatierrasdelsur.com\/wp-content\/uploads\/2020\/06\/Higos-Picos-15-370x247-1.jpg 370w, https:\/\/www.tascatierrasdelsur.com\/wp-content\/uploads\/2020\/06\/Higos-Picos-15-370x247-1-300x200.jpg 300w, https:\/\/www.tascatierrasdelsur.com\/wp-content\/uploads\/2020\/06\/Higos-Picos-15-370x247-1-356x238.jpg 356w, https:\/\/www.tascatierrasdelsur.com\/wp-content\/uploads\/2020\/06\/Higos-Picos-15-370x247-1-255x170.jpg 255w, https:\/\/www.tascatierrasdelsur.com\/wp-content\/uploads\/2020\/06\/Higos-Picos-15-370x247-1-270x180.jpg 270w\" sizes=\"(max-width: 370px) 100vw, 370px\" \/><\/a>\n\t\t\t<\/dt><\/dl><dl class='gallery-item'>\n\t\t\t<dt class='gallery-icon landscape'>\n\t\t\t\t<a href='https:\/\/www.tascatierrasdelsur.com\/de\/unsere-umgebung\/hermita-del-calvario-7-370x247-2\/'><img loading=\"lazy\" decoding=\"async\" data-attachment-id=\"15579\" data-orig-file=\"https:\/\/www.tascatierrasdelsur.com\/wp-content\/uploads\/2020\/06\/Hermita-del-Calvario-7-370x247-1.jpg\" data-orig-size=\"370,247\" data-comments-opened=\"1\" data-image-meta=\"{&quot;aperture&quot;:&quot;0&quot;,&quot;credit&quot;:&quot;&quot;,&quot;camera&quot;:&quot;&quot;,&quot;caption&quot;:&quot;&quot;,&quot;created_timestamp&quot;:&quot;0&quot;,&quot;copyright&quot;:&quot;&quot;,&quot;focal_length&quot;:&quot;0&quot;,&quot;iso&quot;:&quot;0&quot;,&quot;shutter_speed&quot;:&quot;0&quot;,&quot;title&quot;:&quot;&quot;,&quot;orientation&quot;:&quot;0&quot;,&quot;keywords&quot;:&quot;Array&quot;}\" data-image-title=\"Hermita-del-Calvario-7-370&#215;247\" data-image-description=\"\" data-medium-file=\"https:\/\/www.tascatierrasdelsur.com\/wp-content\/uploads\/2020\/06\/Hermita-del-Calvario-7-370x247-1-300x200.jpg\" data-large-file=\"https:\/\/www.tascatierrasdelsur.com\/wp-content\/uploads\/2020\/06\/Hermita-del-Calvario-7-370x247-1.jpg\" width=\"370\" height=\"247\" src=\"https:\/\/www.tascatierrasdelsur.com\/wp-content\/uploads\/2020\/06\/Hermita-del-Calvario-7-370x247-1.jpg\" class=\"attachment-large size-large\" alt=\"\" srcset=\"https:\/\/www.tascatierrasdelsur.com\/wp-content\/uploads\/2020\/06\/Hermita-del-Calvario-7-370x247-1.jpg 370w, https:\/\/www.tascatierrasdelsur.com\/wp-content\/uploads\/2020\/06\/Hermita-del-Calvario-7-370x247-1-300x200.jpg 300w, https:\/\/www.tascatierrasdelsur.com\/wp-content\/uploads\/2020\/06\/Hermita-del-Calvario-7-370x247-1-356x238.jpg 356w, https:\/\/www.tascatierrasdelsur.com\/wp-content\/uploads\/2020\/06\/Hermita-del-Calvario-7-370x247-1-255x170.jpg 255w, https:\/\/www.tascatierrasdelsur.com\/wp-content\/uploads\/2020\/06\/Hermita-del-Calvario-7-370x247-1-270x180.jpg 270w\" sizes=\"(max-width: 370px) 100vw, 370px\" \/><\/a>\n\t\t\t<\/dt><\/dl><br style=\"clear: both\" \/><dl class='gallery-item'>\n\t\t\t<dt class='gallery-icon landscape'>\n\t\t\t\t<a href='https:\/\/www.tascatierrasdelsur.com\/de\/unsere-umgebung\/granadilla-de-abona-en-las-colinas-hacia-el-teide-3-370x247-2\/'><img loading=\"lazy\" decoding=\"async\" data-attachment-id=\"15586\" data-orig-file=\"https:\/\/www.tascatierrasdelsur.com\/wp-content\/uploads\/2020\/06\/Granadilla-de-Abona-en-las-colinas-hacia-el-Teide-3-370x247-1.jpg\" data-orig-size=\"370,247\" data-comments-opened=\"1\" data-image-meta=\"{&quot;aperture&quot;:&quot;0&quot;,&quot;credit&quot;:&quot;&quot;,&quot;camera&quot;:&quot;&quot;,&quot;caption&quot;:&quot;&quot;,&quot;created_timestamp&quot;:&quot;0&quot;,&quot;copyright&quot;:&quot;&quot;,&quot;focal_length&quot;:&quot;0&quot;,&quot;iso&quot;:&quot;0&quot;,&quot;shutter_speed&quot;:&quot;0&quot;,&quot;title&quot;:&quot;&quot;,&quot;orientation&quot;:&quot;0&quot;,&quot;keywords&quot;:&quot;Array&quot;}\" data-image-title=\"Granadilla-de-Abona-en-las-colinas-hacia-el-Teide-3-370&#215;247\" data-image-description=\"\" data-medium-file=\"https:\/\/www.tascatierrasdelsur.com\/wp-content\/uploads\/2020\/06\/Granadilla-de-Abona-en-las-colinas-hacia-el-Teide-3-370x247-1-300x200.jpg\" data-large-file=\"https:\/\/www.tascatierrasdelsur.com\/wp-content\/uploads\/2020\/06\/Granadilla-de-Abona-en-las-colinas-hacia-el-Teide-3-370x247-1.jpg\" width=\"370\" height=\"247\" src=\"https:\/\/www.tascatierrasdelsur.com\/wp-content\/uploads\/2020\/06\/Granadilla-de-Abona-en-las-colinas-hacia-el-Teide-3-370x247-1.jpg\" class=\"attachment-large size-large\" alt=\"\" srcset=\"https:\/\/www.tascatierrasdelsur.com\/wp-content\/uploads\/2020\/06\/Granadilla-de-Abona-en-las-colinas-hacia-el-Teide-3-370x247-1.jpg 370w, https:\/\/www.tascatierrasdelsur.com\/wp-content\/uploads\/2020\/06\/Granadilla-de-Abona-en-las-colinas-hacia-el-Teide-3-370x247-1-300x200.jpg 300w, https:\/\/www.tascatierrasdelsur.com\/wp-content\/uploads\/2020\/06\/Granadilla-de-Abona-en-las-colinas-hacia-el-Teide-3-370x247-1-356x238.jpg 356w, https:\/\/www.tascatierrasdelsur.com\/wp-content\/uploads\/2020\/06\/Granadilla-de-Abona-en-las-colinas-hacia-el-Teide-3-370x247-1-255x170.jpg 255w, https:\/\/www.tascatierrasdelsur.com\/wp-content\/uploads\/2020\/06\/Granadilla-de-Abona-en-las-colinas-hacia-el-Teide-3-370x247-1-270x180.jpg 270w\" sizes=\"(max-width: 370px) 100vw, 370px\" \/><\/a>\n\t\t\t<\/dt><\/dl><dl class='gallery-item'>\n\t\t\t<dt class='gallery-icon landscape'>\n\t\t\t\t<a href='https:\/\/www.tascatierrasdelsur.com\/de\/unsere-umgebung\/granadilla-de-abona-casco-antiguo-6-370x247-2\/'><img loading=\"lazy\" decoding=\"async\" data-attachment-id=\"15593\" data-orig-file=\"https:\/\/www.tascatierrasdelsur.com\/wp-content\/uploads\/2020\/06\/Granadilla-de-Abona-casco-antiguo-6-370x247-1.jpg\" data-orig-size=\"370,247\" data-comments-opened=\"1\" data-image-meta=\"{&quot;aperture&quot;:&quot;0&quot;,&quot;credit&quot;:&quot;&quot;,&quot;camera&quot;:&quot;&quot;,&quot;caption&quot;:&quot;&quot;,&quot;created_timestamp&quot;:&quot;0&quot;,&quot;copyright&quot;:&quot;&quot;,&quot;focal_length&quot;:&quot;0&quot;,&quot;iso&quot;:&quot;0&quot;,&quot;shutter_speed&quot;:&quot;0&quot;,&quot;title&quot;:&quot;&quot;,&quot;orientation&quot;:&quot;0&quot;,&quot;keywords&quot;:&quot;Array&quot;}\" data-image-title=\"Granadilla-de-Abona-casco-antiguo-6-370&#215;247\" data-image-description=\"\" data-medium-file=\"https:\/\/www.tascatierrasdelsur.com\/wp-content\/uploads\/2020\/06\/Granadilla-de-Abona-casco-antiguo-6-370x247-1-300x200.jpg\" data-large-file=\"https:\/\/www.tascatierrasdelsur.com\/wp-content\/uploads\/2020\/06\/Granadilla-de-Abona-casco-antiguo-6-370x247-1.jpg\" width=\"370\" height=\"247\" src=\"https:\/\/www.tascatierrasdelsur.com\/wp-content\/uploads\/2020\/06\/Granadilla-de-Abona-casco-antiguo-6-370x247-1.jpg\" class=\"attachment-large size-large\" alt=\"\" srcset=\"https:\/\/www.tascatierrasdelsur.com\/wp-content\/uploads\/2020\/06\/Granadilla-de-Abona-casco-antiguo-6-370x247-1.jpg 370w, https:\/\/www.tascatierrasdelsur.com\/wp-content\/uploads\/2020\/06\/Granadilla-de-Abona-casco-antiguo-6-370x247-1-300x200.jpg 300w, https:\/\/www.tascatierrasdelsur.com\/wp-content\/uploads\/2020\/06\/Granadilla-de-Abona-casco-antiguo-6-370x247-1-356x238.jpg 356w, https:\/\/www.tascatierrasdelsur.com\/wp-content\/uploads\/2020\/06\/Granadilla-de-Abona-casco-antiguo-6-370x247-1-255x170.jpg 255w, https:\/\/www.tascatierrasdelsur.com\/wp-content\/uploads\/2020\/06\/Granadilla-de-Abona-casco-antiguo-6-370x247-1-270x180.jpg 270w\" sizes=\"(max-width: 370px) 100vw, 370px\" \/><\/a>\n\t\t\t<\/dt><\/dl><dl class='gallery-item'>\n\t\t\t<dt class='gallery-icon landscape'>\n\t\t\t\t<a href='https:\/\/www.tascatierrasdelsur.com\/de\/unsere-umgebung\/fiestas-y-tradiciones-9-370x247-2\/'><img loading=\"lazy\" decoding=\"async\" data-attachment-id=\"15600\" data-orig-file=\"https:\/\/www.tascatierrasdelsur.com\/wp-content\/uploads\/2020\/06\/fiestas-y-tradiciones-9-370x247-1.jpg\" data-orig-size=\"370,247\" data-comments-opened=\"1\" data-image-meta=\"{&quot;aperture&quot;:&quot;0&quot;,&quot;credit&quot;:&quot;&quot;,&quot;camera&quot;:&quot;&quot;,&quot;caption&quot;:&quot;&quot;,&quot;created_timestamp&quot;:&quot;0&quot;,&quot;copyright&quot;:&quot;&quot;,&quot;focal_length&quot;:&quot;0&quot;,&quot;iso&quot;:&quot;0&quot;,&quot;shutter_speed&quot;:&quot;0&quot;,&quot;title&quot;:&quot;&quot;,&quot;orientation&quot;:&quot;0&quot;,&quot;keywords&quot;:&quot;Array&quot;}\" data-image-title=\"fiestas-y-tradiciones-9-370&#215;247\" data-image-description=\"\" data-medium-file=\"https:\/\/www.tascatierrasdelsur.com\/wp-content\/uploads\/2020\/06\/fiestas-y-tradiciones-9-370x247-1-300x200.jpg\" data-large-file=\"https:\/\/www.tascatierrasdelsur.com\/wp-content\/uploads\/2020\/06\/fiestas-y-tradiciones-9-370x247-1.jpg\" width=\"370\" height=\"247\" src=\"https:\/\/www.tascatierrasdelsur.com\/wp-content\/uploads\/2020\/06\/fiestas-y-tradiciones-9-370x247-1.jpg\" class=\"attachment-large size-large\" alt=\"\" srcset=\"https:\/\/www.tascatierrasdelsur.com\/wp-content\/uploads\/2020\/06\/fiestas-y-tradiciones-9-370x247-1.jpg 370w, https:\/\/www.tascatierrasdelsur.com\/wp-content\/uploads\/2020\/06\/fiestas-y-tradiciones-9-370x247-1-300x200.jpg 300w, https:\/\/www.tascatierrasdelsur.com\/wp-content\/uploads\/2020\/06\/fiestas-y-tradiciones-9-370x247-1-356x238.jpg 356w, https:\/\/www.tascatierrasdelsur.com\/wp-content\/uploads\/2020\/06\/fiestas-y-tradiciones-9-370x247-1-255x170.jpg 255w, https:\/\/www.tascatierrasdelsur.com\/wp-content\/uploads\/2020\/06\/fiestas-y-tradiciones-9-370x247-1-270x180.jpg 270w\" sizes=\"(max-width: 370px) 100vw, 370px\" \/><\/a>\n\t\t\t<\/dt><\/dl><br style=\"clear: both\" \/><dl class='gallery-item'>\n\t\t\t<dt class='gallery-icon landscape'>\n\t\t\t\t<a href='https:\/\/www.tascatierrasdelsur.com\/de\/unsere-umgebung\/canadas-del-teide-14-370x247-2\/'><img loading=\"lazy\" decoding=\"async\" data-attachment-id=\"15607\" data-orig-file=\"https:\/\/www.tascatierrasdelsur.com\/wp-content\/uploads\/2020\/06\/Ca\u00f1adas-del-Teide-14-370x247-1.jpg\" data-orig-size=\"370,247\" data-comments-opened=\"1\" data-image-meta=\"{&quot;aperture&quot;:&quot;0&quot;,&quot;credit&quot;:&quot;&quot;,&quot;camera&quot;:&quot;&quot;,&quot;caption&quot;:&quot;&quot;,&quot;created_timestamp&quot;:&quot;0&quot;,&quot;copyright&quot;:&quot;&quot;,&quot;focal_length&quot;:&quot;0&quot;,&quot;iso&quot;:&quot;0&quot;,&quot;shutter_speed&quot;:&quot;0&quot;,&quot;title&quot;:&quot;&quot;,&quot;orientation&quot;:&quot;0&quot;,&quot;keywords&quot;:&quot;Array&quot;}\" data-image-title=\"Ca\u00f1adas-del-Teide-14-370&#215;247\" data-image-description=\"\" data-medium-file=\"https:\/\/www.tascatierrasdelsur.com\/wp-content\/uploads\/2020\/06\/Ca\u00f1adas-del-Teide-14-370x247-1-300x200.jpg\" data-large-file=\"https:\/\/www.tascatierrasdelsur.com\/wp-content\/uploads\/2020\/06\/Ca\u00f1adas-del-Teide-14-370x247-1.jpg\" width=\"370\" height=\"247\" src=\"https:\/\/www.tascatierrasdelsur.com\/wp-content\/uploads\/2020\/06\/Ca\u00f1adas-del-Teide-14-370x247-1.jpg\" class=\"attachment-large size-large\" alt=\"\" srcset=\"https:\/\/www.tascatierrasdelsur.com\/wp-content\/uploads\/2020\/06\/Ca\u00f1adas-del-Teide-14-370x247-1.jpg 370w, https:\/\/www.tascatierrasdelsur.com\/wp-content\/uploads\/2020\/06\/Ca\u00f1adas-del-Teide-14-370x247-1-300x200.jpg 300w, https:\/\/www.tascatierrasdelsur.com\/wp-content\/uploads\/2020\/06\/Ca\u00f1adas-del-Teide-14-370x247-1-356x238.jpg 356w, https:\/\/www.tascatierrasdelsur.com\/wp-content\/uploads\/2020\/06\/Ca\u00f1adas-del-Teide-14-370x247-1-255x170.jpg 255w, https:\/\/www.tascatierrasdelsur.com\/wp-content\/uploads\/2020\/06\/Ca\u00f1adas-del-Teide-14-370x247-1-270x180.jpg 270w\" sizes=\"(max-width: 370px) 100vw, 370px\" \/><\/a>\n\t\t\t<\/dt><\/dl><dl class='gallery-item'>\n\t\t\t<dt class='gallery-icon landscape'>\n\t\t\t\t<a href='https:\/\/www.tascatierrasdelsur.com\/de\/unsere-umgebung\/bosques-y-cultivos-11-370x247-2\/'><img loading=\"lazy\" decoding=\"async\" data-attachment-id=\"15614\" data-orig-file=\"https:\/\/www.tascatierrasdelsur.com\/wp-content\/uploads\/2020\/06\/Bosques-y-cultivos-11-370x247-1.jpg\" data-orig-size=\"370,247\" data-comments-opened=\"1\" data-image-meta=\"{&quot;aperture&quot;:&quot;0&quot;,&quot;credit&quot;:&quot;&quot;,&quot;camera&quot;:&quot;&quot;,&quot;caption&quot;:&quot;&quot;,&quot;created_timestamp&quot;:&quot;0&quot;,&quot;copyright&quot;:&quot;&quot;,&quot;focal_length&quot;:&quot;0&quot;,&quot;iso&quot;:&quot;0&quot;,&quot;shutter_speed&quot;:&quot;0&quot;,&quot;title&quot;:&quot;&quot;,&quot;orientation&quot;:&quot;0&quot;,&quot;keywords&quot;:&quot;Array&quot;}\" data-image-title=\"Bosques-y-cultivos-11-370&#215;247\" data-image-description=\"\" data-medium-file=\"https:\/\/www.tascatierrasdelsur.com\/wp-content\/uploads\/2020\/06\/Bosques-y-cultivos-11-370x247-1-300x200.jpg\" data-large-file=\"https:\/\/www.tascatierrasdelsur.com\/wp-content\/uploads\/2020\/06\/Bosques-y-cultivos-11-370x247-1.jpg\" width=\"370\" height=\"247\" src=\"https:\/\/www.tascatierrasdelsur.com\/wp-content\/uploads\/2020\/06\/Bosques-y-cultivos-11-370x247-1.jpg\" class=\"attachment-large size-large\" alt=\"\" srcset=\"https:\/\/www.tascatierrasdelsur.com\/wp-content\/uploads\/2020\/06\/Bosques-y-cultivos-11-370x247-1.jpg 370w, https:\/\/www.tascatierrasdelsur.com\/wp-content\/uploads\/2020\/06\/Bosques-y-cultivos-11-370x247-1-300x200.jpg 300w, https:\/\/www.tascatierrasdelsur.com\/wp-content\/uploads\/2020\/06\/Bosques-y-cultivos-11-370x247-1-356x238.jpg 356w, https:\/\/www.tascatierrasdelsur.com\/wp-content\/uploads\/2020\/06\/Bosques-y-cultivos-11-370x247-1-255x170.jpg 255w, https:\/\/www.tascatierrasdelsur.com\/wp-content\/uploads\/2020\/06\/Bosques-y-cultivos-11-370x247-1-270x180.jpg 270w\" sizes=\"(max-width: 370px) 100vw, 370px\" \/><\/a>\n\t\t\t<\/dt><\/dl><dl class='gallery-item'>\n\t\t\t<dt class='gallery-icon landscape'>\n\t\t\t\t<a href='https:\/\/www.tascatierrasdelsur.com\/de\/unsere-umgebung\/atardecer-en-granadilla-de-abona-4-370x247-2\/'><img loading=\"lazy\" decoding=\"async\" data-attachment-id=\"15621\" data-orig-file=\"https:\/\/www.tascatierrasdelsur.com\/wp-content\/uploads\/2020\/06\/Atardecer-en-Granadilla-de-Abona-4-370x247-1.jpg\" data-orig-size=\"370,247\" data-comments-opened=\"1\" data-image-meta=\"{&quot;aperture&quot;:&quot;0&quot;,&quot;credit&quot;:&quot;&quot;,&quot;camera&quot;:&quot;&quot;,&quot;caption&quot;:&quot;&quot;,&quot;created_timestamp&quot;:&quot;0&quot;,&quot;copyright&quot;:&quot;&quot;,&quot;focal_length&quot;:&quot;0&quot;,&quot;iso&quot;:&quot;0&quot;,&quot;shutter_speed&quot;:&quot;0&quot;,&quot;title&quot;:&quot;&quot;,&quot;orientation&quot;:&quot;0&quot;,&quot;keywords&quot;:&quot;Array&quot;}\" data-image-title=\"Atardecer-en-Granadilla-de-Abona-4-370&#215;247\" data-image-description=\"\" data-medium-file=\"https:\/\/www.tascatierrasdelsur.com\/wp-content\/uploads\/2020\/06\/Atardecer-en-Granadilla-de-Abona-4-370x247-1-300x200.jpg\" data-large-file=\"https:\/\/www.tascatierrasdelsur.com\/wp-content\/uploads\/2020\/06\/Atardecer-en-Granadilla-de-Abona-4-370x247-1.jpg\" width=\"370\" height=\"247\" src=\"https:\/\/www.tascatierrasdelsur.com\/wp-content\/uploads\/2020\/06\/Atardecer-en-Granadilla-de-Abona-4-370x247-1.jpg\" class=\"attachment-large size-large\" alt=\"\" srcset=\"https:\/\/www.tascatierrasdelsur.com\/wp-content\/uploads\/2020\/06\/Atardecer-en-Granadilla-de-Abona-4-370x247-1.jpg 370w, https:\/\/www.tascatierrasdelsur.com\/wp-content\/uploads\/2020\/06\/Atardecer-en-Granadilla-de-Abona-4-370x247-1-300x200.jpg 300w, https:\/\/www.tascatierrasdelsur.com\/wp-content\/uploads\/2020\/06\/Atardecer-en-Granadilla-de-Abona-4-370x247-1-356x238.jpg 356w, https:\/\/www.tascatierrasdelsur.com\/wp-content\/uploads\/2020\/06\/Atardecer-en-Granadilla-de-Abona-4-370x247-1-255x170.jpg 255w, https:\/\/www.tascatierrasdelsur.com\/wp-content\/uploads\/2020\/06\/Atardecer-en-Granadilla-de-Abona-4-370x247-1-270x180.jpg 270w\" sizes=\"(max-width: 370px) 100vw, 370px\" \/><\/a>\n\t\t\t<\/dt><\/dl><br style=\"clear: both\" \/>\n\t\t<\/div>\n\n","protected":false},"excerpt":{"rendered":"<p>Teneriffa Teneriffa , die gr\u00f6sste der kanarischen Inseln , mit dem zweiten meistbesuchten Nationalpark , und dem drittgr\u00f6\u00dften Vulkan der Erde , l\u00e4dt Sie ein, seine Landschaft , Sternenhimmel , gr\u00fcnen Schluchten , zahlreiche Str\u00e4nde und Wanderwege, Folklore und Traditionen und nicht zuletzt seine reiche Gastronomie zu geniessen . Granadilla im S\u00fcden Teneriffas , fr\u00fcher Ort des \u201ctrueques\u201d ( Tauschhandel von Waren zwischen den Bewohnern der K\u00fcste und der Berge ) war die alte Hauptstadt des S\u00fcdens der Insel. Nur 8 Km von der Autobahn TF1 (Ausfahrt Granadilla de Abona ) und 13 km von Vilaflor mit Zugang zum Teide \u2013Nationalpark entfernt, finden Sie in Granadilla de Abona noch Traditionen und kulturelle Werte, sowie ein ausgedehntes Netz von Wanderwegen , unter anderen &#8221; Die Mondlandschaft &#8221; . Der Reisende kann f\u00fcr seinen Aufenthalt gem\u00fctliche Landh\u00e4user und Landhotels f\u00fcr seine Unterkunft mieten und sich im l\u00e4ndlichen Flair erholen, hier seien nur einige genannt: Haus Anton Piche , Hotel Rural Senderos de Abona , Casa Rural El Patio del Naranjo , El Traspatio oder die Bioklimatischen H\u00e4user ITER . F\u00fcr Liebhaber der Berge und des Outdoor-Sports befindet sich in Granadilla de Abona \u201cTenerife Outdoor\u201d, wo Sie alles f\u00fcrs Klettern, Wandern und Moutainbiken finden.<\/p>\n","protected":false},"author":1,"featured_media":0,"parent":0,"menu_order":0,"comment_status":"closed","ping_status":"closed","template":"","meta":{"footnotes":""},"yoast_head":"<!-- This site is optimized with the Yoast SEO plugin v23.5 - https:\/\/yoast.com\/wordpress\/plugins\/seo\/ -->\n<title>Unsere Umgebung - Tasca Tierras del Sur<\/title>\n<meta name=\"robots\" content=\"index, follow, max-snippet:-1, max-image-preview:large, max-video-preview:-1\" \/>\n<link rel=\"canonical\" href=\"https:\/\/www.tascatierrasdelsur.com\/de\/unsere-umgebung\/\" \/>\n<meta property=\"og:locale\" content=\"de_DE\" \/>\n<meta property=\"og:type\" content=\"article\" \/>\n<meta property=\"og:title\" content=\"Unsere Umgebung - Tasca Tierras del Sur\" \/>\n<meta property=\"og:description\" content=\"Teneriffa Teneriffa , die gr\u00f6sste der kanarischen Inseln , mit dem zweiten meistbesuchten Nationalpark , und dem drittgr\u00f6\u00dften Vulkan der Erde , l\u00e4dt Sie ein, seine Landschaft , Sternenhimmel , gr\u00fcnen Schluchten , zahlreiche Str\u00e4nde und Wanderwege, Folklore und Traditionen und nicht zuletzt seine reiche Gastronomie zu geniessen . Granadilla im S\u00fcden Teneriffas , fr\u00fcher Ort des \u201ctrueques\u201d ( Tauschhandel von Waren zwischen den Bewohnern der K\u00fcste und der Berge ) war die alte Hauptstadt des S\u00fcdens der Insel. Nur 8 Km von der Autobahn TF1 (Ausfahrt Granadilla de Abona ) und 13 km von Vilaflor mit Zugang zum Teide \u2013Nationalpark entfernt, finden Sie in Granadilla de Abona noch Traditionen und kulturelle Werte, sowie ein ausgedehntes Netz von Wanderwegen , unter anderen &#8221; Die Mondlandschaft &#8221; . Der Reisende kann f\u00fcr seinen Aufenthalt gem\u00fctliche Landh\u00e4user und Landhotels f\u00fcr seine Unterkunft mieten und sich im l\u00e4ndlichen Flair erholen, hier seien nur einige genannt: Haus Anton Piche , Hotel Rural Senderos de Abona , Casa Rural El Patio del Naranjo , El Traspatio oder die Bioklimatischen H\u00e4user ITER . F\u00fcr Liebhaber der Berge und des Outdoor-Sports befindet sich in Granadilla de Abona \u201cTenerife Outdoor\u201d, wo Sie alles f\u00fcrs Klettern, Wandern und Moutainbiken finden.\" \/>\n<meta property=\"og:url\" content=\"https:\/\/www.tascatierrasdelsur.com\/de\/unsere-umgebung\/\" \/>\n<meta property=\"og:site_name\" content=\"Tasca Tierras del Sur\" \/>\n<meta property=\"article:publisher\" content=\"https:\/\/www.facebook.com\/tascatierrasdelsur\" \/>\n<meta property=\"article:modified_time\" content=\"2020-06-28T00:10:47+00:00\" \/>\n<meta property=\"og:image\" content=\"https:\/\/www.tascatierrasdelsur.com\/wp-content\/uploads\/2020\/06\/Vendimia-18-370x247-1.jpg\" \/>\n<meta name=\"twitter:card\" content=\"summary_large_image\" \/>\n<meta name=\"twitter:label1\" content=\"Est. reading time\" \/>\n\t<meta name=\"twitter:data1\" content=\"1 minute\" \/>\n<script type=\"application\/ld+json\" class=\"yoast-schema-graph\">{\"@context\":\"https:\/\/schema.org\",\"@graph\":[{\"@type\":\"WebPage\",\"@id\":\"https:\/\/www.tascatierrasdelsur.com\/de\/unsere-umgebung\/\",\"url\":\"https:\/\/www.tascatierrasdelsur.com\/de\/unsere-umgebung\/\",\"name\":\"Unsere Umgebung - Tasca Tierras del Sur\",\"isPartOf\":{\"@id\":\"https:\/\/www.tascatierrasdelsur.com\/de\/#website\"},\"datePublished\":\"2020-06-28T00:00:01+00:00\",\"dateModified\":\"2020-06-28T00:10:47+00:00\",\"breadcrumb\":{\"@id\":\"https:\/\/www.tascatierrasdelsur.com\/de\/unsere-umgebung\/#breadcrumb\"},\"inLanguage\":\"de-DE\",\"potentialAction\":[{\"@type\":\"ReadAction\",\"target\":[\"https:\/\/www.tascatierrasdelsur.com\/de\/unsere-umgebung\/\"]}]},{\"@type\":\"BreadcrumbList\",\"@id\":\"https:\/\/www.tascatierrasdelsur.com\/de\/unsere-umgebung\/#breadcrumb\",\"itemListElement\":[{\"@type\":\"ListItem\",\"position\":1,\"name\":\"Portada\",\"item\":\"https:\/\/www.tascatierrasdelsur.com\/de\/\"},{\"@type\":\"ListItem\",\"position\":2,\"name\":\"Unsere Umgebung\"}]},{\"@type\":\"WebSite\",\"@id\":\"https:\/\/www.tascatierrasdelsur.com\/de\/#website\",\"url\":\"https:\/\/www.tascatierrasdelsur.com\/de\/\",\"name\":\"Tasca Tierras del Sur\",\"description\":\"Granadilla\",\"publisher\":{\"@id\":\"https:\/\/www.tascatierrasdelsur.com\/de\/#organization\"},\"potentialAction\":[{\"@type\":\"SearchAction\",\"target\":{\"@type\":\"EntryPoint\",\"urlTemplate\":\"https:\/\/www.tascatierrasdelsur.com\/de\/?s={search_term_string}\"},\"query-input\":{\"@type\":\"PropertyValueSpecification\",\"valueRequired\":true,\"valueName\":\"search_term_string\"}}],\"inLanguage\":\"de-DE\"},{\"@type\":\"Organization\",\"@id\":\"https:\/\/www.tascatierrasdelsur.com\/de\/#organization\",\"name\":\"Tasca Tierras Del Sur\",\"url\":\"https:\/\/www.tascatierrasdelsur.com\/de\/\",\"logo\":{\"@type\":\"ImageObject\",\"inLanguage\":\"de-DE\",\"@id\":\"https:\/\/www.tascatierrasdelsur.com\/de\/#\/schema\/logo\/image\/\",\"url\":\"https:\/\/www.tascatierrasdelsur.com\/wp-content\/uploads\/2020\/06\/logo-new4.png\",\"contentUrl\":\"https:\/\/www.tascatierrasdelsur.com\/wp-content\/uploads\/2020\/06\/logo-new4.png\",\"width\":240,\"height\":107,\"caption\":\"Tasca Tierras Del Sur\"},\"image\":{\"@id\":\"https:\/\/www.tascatierrasdelsur.com\/de\/#\/schema\/logo\/image\/\"},\"sameAs\":[\"https:\/\/www.facebook.com\/tascatierrasdelsur\"]}]}<\/script>\n<!-- \/ Yoast SEO plugin. -->","yoast_head_json":{"title":"Unsere Umgebung - Tasca Tierras del Sur","robots":{"index":"index","follow":"follow","max-snippet":"max-snippet:-1","max-image-preview":"max-image-preview:large","max-video-preview":"max-video-preview:-1"},"canonical":"https:\/\/www.tascatierrasdelsur.com\/de\/unsere-umgebung\/","og_locale":"de_DE","og_type":"article","og_title":"Unsere Umgebung - Tasca Tierras del Sur","og_description":"Teneriffa Teneriffa , die gr\u00f6sste der kanarischen Inseln , mit dem zweiten meistbesuchten Nationalpark , und dem drittgr\u00f6\u00dften Vulkan der Erde , l\u00e4dt Sie ein, seine Landschaft , Sternenhimmel , gr\u00fcnen Schluchten , zahlreiche Str\u00e4nde und Wanderwege, Folklore und Traditionen und nicht zuletzt seine reiche Gastronomie zu geniessen . Granadilla im S\u00fcden Teneriffas , fr\u00fcher Ort des \u201ctrueques\u201d ( Tauschhandel von Waren zwischen den Bewohnern der K\u00fcste und der Berge ) war die alte Hauptstadt des S\u00fcdens der Insel. Nur 8 Km von der Autobahn TF1 (Ausfahrt Granadilla de Abona ) und 13 km von Vilaflor mit Zugang zum Teide \u2013Nationalpark entfernt, finden Sie in Granadilla de Abona noch Traditionen und kulturelle Werte, sowie ein ausgedehntes Netz von Wanderwegen , unter anderen &#8221; Die Mondlandschaft &#8221; . Der Reisende kann f\u00fcr seinen Aufenthalt gem\u00fctliche Landh\u00e4user und Landhotels f\u00fcr seine Unterkunft mieten und sich im l\u00e4ndlichen Flair erholen, hier seien nur einige genannt: Haus Anton Piche , Hotel Rural Senderos de Abona , Casa Rural El Patio del Naranjo , El Traspatio oder die Bioklimatischen H\u00e4user ITER . F\u00fcr Liebhaber der Berge und des Outdoor-Sports befindet sich in Granadilla de Abona \u201cTenerife Outdoor\u201d, wo Sie alles f\u00fcrs Klettern, Wandern und Moutainbiken finden.","og_url":"https:\/\/www.tascatierrasdelsur.com\/de\/unsere-umgebung\/","og_site_name":"Tasca Tierras del Sur","article_publisher":"https:\/\/www.facebook.com\/tascatierrasdelsur","article_modified_time":"2020-06-28T00:10:47+00:00","og_image":[{"url":"https:\/\/www.tascatierrasdelsur.com\/wp-content\/uploads\/2020\/06\/Vendimia-18-370x247-1.jpg"}],"twitter_card":"summary_large_image","twitter_misc":{"Est. reading time":"1 minute"},"schema":{"@context":"https:\/\/schema.org","@graph":[{"@type":"WebPage","@id":"https:\/\/www.tascatierrasdelsur.com\/de\/unsere-umgebung\/","url":"https:\/\/www.tascatierrasdelsur.com\/de\/unsere-umgebung\/","name":"Unsere Umgebung - Tasca Tierras del Sur","isPartOf":{"@id":"https:\/\/www.tascatierrasdelsur.com\/de\/#website"},"datePublished":"2020-06-28T00:00:01+00:00","dateModified":"2020-06-28T00:10:47+00:00","breadcrumb":{"@id":"https:\/\/www.tascatierrasdelsur.com\/de\/unsere-umgebung\/#breadcrumb"},"inLanguage":"de-DE","potentialAction":[{"@type":"ReadAction","target":["https:\/\/www.tascatierrasdelsur.com\/de\/unsere-umgebung\/"]}]},{"@type":"BreadcrumbList","@id":"https:\/\/www.tascatierrasdelsur.com\/de\/unsere-umgebung\/#breadcrumb","itemListElement":[{"@type":"ListItem","position":1,"name":"Portada","item":"https:\/\/www.tascatierrasdelsur.com\/de\/"},{"@type":"ListItem","position":2,"name":"Unsere Umgebung"}]},{"@type":"WebSite","@id":"https:\/\/www.tascatierrasdelsur.com\/de\/#website","url":"https:\/\/www.tascatierrasdelsur.com\/de\/","name":"Tasca Tierras del Sur","description":"Granadilla","publisher":{"@id":"https:\/\/www.tascatierrasdelsur.com\/de\/#organization"},"potentialAction":[{"@type":"SearchAction","target":{"@type":"EntryPoint","urlTemplate":"https:\/\/www.tascatierrasdelsur.com\/de\/?s={search_term_string}"},"query-input":{"@type":"PropertyValueSpecification","valueRequired":true,"valueName":"search_term_string"}}],"inLanguage":"de-DE"},{"@type":"Organization","@id":"https:\/\/www.tascatierrasdelsur.com\/de\/#organization","name":"Tasca Tierras Del Sur","url":"https:\/\/www.tascatierrasdelsur.com\/de\/","logo":{"@type":"ImageObject","inLanguage":"de-DE","@id":"https:\/\/www.tascatierrasdelsur.com\/de\/#\/schema\/logo\/image\/","url":"https:\/\/www.tascatierrasdelsur.com\/wp-content\/uploads\/2020\/06\/logo-new4.png","contentUrl":"https:\/\/www.tascatierrasdelsur.com\/wp-content\/uploads\/2020\/06\/logo-new4.png","width":240,"height":107,"caption":"Tasca Tierras Del Sur"},"image":{"@id":"https:\/\/www.tascatierrasdelsur.com\/de\/#\/schema\/logo\/image\/"},"sameAs":["https:\/\/www.facebook.com\/tascatierrasdelsur"]}]}},"_links":{"self":[{"href":"https:\/\/www.tascatierrasdelsur.com\/de\/wp-json\/wp\/v2\/pages\/15781"}],"collection":[{"href":"https:\/\/www.tascatierrasdelsur.com\/de\/wp-json\/wp\/v2\/pages"}],"about":[{"href":"https:\/\/www.tascatierrasdelsur.com\/de\/wp-json\/wp\/v2\/types\/page"}],"author":[{"embeddable":true,"href":"https:\/\/www.tascatierrasdelsur.com\/de\/wp-json\/wp\/v2\/users\/1"}],"replies":[{"embeddable":true,"href":"https:\/\/www.tascatierrasdelsur.com\/de\/wp-json\/wp\/v2\/comments?post=15781"}],"version-history":[{"count":1,"href":"https:\/\/www.tascatierrasdelsur.com\/de\/wp-json\/wp\/v2\/pages\/15781\/revisions"}],"predecessor-version":[{"id":15881,"href":"https:\/\/www.tascatierrasdelsur.com\/de\/wp-json\/wp\/v2\/pages\/15781\/revisions\/15881"}],"wp:attachment":[{"href":"https:\/\/www.tascatierrasdelsur.com\/de\/wp-json\/wp\/v2\/media?parent=15781"}],"curies":[{"name":"wp","href":"https:\/\/api.w.org\/{rel}","templated":true}]}}